{"id":75,"date":"2023-04-03T20:52:42","date_gmt":"2023-04-03T18:52:42","guid":{"rendered":"https:\/\/iictirana.esteri.it\/news\/calendario\/"},"modified":"2024-11-08T18:41:51","modified_gmt":"2024-11-08T16:41:51","slug":"calendario","status":"publish","type":"page","link":"https:\/\/iictirana.esteri.it\/sq\/gli_eventi\/calendario\/","title":{"rendered":"Aktivitete t\u00eb programuara"},"content":{"rendered":"        <div class=\"row\">\n\t\t\t<!-- Ricerca sedi post -->\n\t\t\t<div class=\"col-12 mt-4\">\n\t\t\t  <div class=\"callout callout-highlight note ricerca-esteri p-4\">\n                    <div class=\"callout-title\">\n                        <svg class=\"icon\">\n                            <use xlink:href=\"https:\/\/iictirana.esteri.it\/wp-content\/themes\/sedi-tema\/assets\/svg\/sprites.svg#it-search\"><\/use>\n                        <\/svg>Futni parametrat e k\u00ebrkimit tuaj                    <\/div>\n                    <form id=\"searchFormPost\" name=\"form-search-post\" class=\"form-row align-items-center\" action=\"https:\/\/iictirana.esteri.it\/sq\/wp-json\/wp\/v2\/pages\/75\/\" method=\"GET\"> \n                        <!-- <div class=\"form-group pt-5\"> -->\n                            <!-- <input type=\"hidden\" id=\"lang\" name=\"lang\" value=\"\"> --> <!-- <\/div> -->\n\n                        <div class=\"it-datepicker-wrapper\">\n                            <div class=\"row\">\n                                <div class=\"form-group col-md-6\">\n                                    <label class=\"active\" for=\"date-init\">Nga<\/label>\n                                    <input class=\"form-control\" name=\"date-init\" id=\"date-init\" type=\"date\" placeholder=\"gg\/mm\/aaaa\" value=\"\"lang=\"en-EN\">  \n                                <\/div>\n                                <div class=\"form-group col-md-6\">\n                                    <label class=\"active\" for=\"date-end\">Tek<\/label>\n                                    <input class=\"form-control\" name=\"date-end\" id=\"date-end\" type=\"date\" placeholder=\"gg\/mm\/aaaa\" value=\"\">\n                                <\/div>\n                            <\/div>\n                        <\/div>\n                        <div class=\"form-group col-md-12 mt-3\">\n                            <label for=\"searchText\">Fusha e k\u00ebrkimit falas<\/label>\n                            <input type=\"text\" name=\"searchText\" class=\"form-control\" id=\"searchText\" value=\"\">\n                        <\/div>\n                        <div class=\"form-group col-md-4 offset-md-8 text-end\">\n                            <a href=\"https:\/\/iictirana.esteri.it\/sq\/gli_eventi\/calendario\/\" title=\"Form reset\" id=\"resetImput\" class=\"btn btn-outline-primary btn-xs\">Reset<\/a>\n                            <button type=\"submit\" class=\"btn btn-primary btn-xs\">Shfaq rezultatet<\/button>\n                        <\/div>\n                    <\/form>\n\t\t\t\t<\/div>\n\t\t\t<\/div>\n\t\t<\/div>\n                    \n            <div class=\"row\">\n                            <div class=\"col-12 mt-3\">\n                <!--start card-->\n                <div class=\"card-wrapper card-space\">\n                    <div class=\"card card-bg card-big border-bottom-card\">\n                        <div class=\"card-body row\">\n                                                    <div class=\"col-sm-3\">\n                                <div class=\"img-responsive\">\n                                    <figure class=\"img-wrapper\">\n                                        <a href=\"https:\/\/iictirana.esteri.it\/sq\/gli_eventi\/calendario\/ekspozita-paraja-tregon-100-vjet-jete-dhe-ngjarje-banka-e-shqiperise-1925-2025\/\" title=\"Lexo artikullin: Ekspozita: Paraja rr\u00ebfen: 100 vjet Jet\u00eb dhe Ngjarje, Banka e Shqip\u00ebris\u00eb (1925\u20132025)\">\n                                                                                            <img loading=\"lazy\" decoding=\"async\" width=\"240\" height=\"300\" src=\"https:\/\/iictirana.esteri.it\/wp-content\/uploads\/2026\/01\/MoneyTalks_Mostra-240x300-1.jpg\" srcset=\"\" sizes=\"auto, (max-width: 240px) 100vw, 240px\"  title=\"MoneyTalks_Mostra-240&#215;300\" alt=\"\" class=\"img-fluid\">\n                                                                                    <\/a>\n                                    <\/figure>\n                                <\/div>\n                            <\/div>\n                            <div class=\"col-sm-9\">\n                                                            <div class=\"category-top\">\n                                    <span class=\"fw-bold text-success\">Aktivitete n\u00eb zhvillim<\/span>                                                                        <span class=\"data\">\n                                        <svg class=\"icon icon-secondary\">\n                                            <use xlink:href=\"https:\/\/iictirana.esteri.it\/wp-content\/themes\/sedi-tema\/assets\/svg\/sprites.svg#it-calendar\"><\/use>\n                                        <\/svg> Tue Jan 20 2026<svg class=\"icon icon-xs icon-secondary me-1 ms-1\"><use href=\"https:\/\/iictirana.esteri.it\/wp-content\/themes\/sedi-tema\/assets\/svg\/sprites.svg#it-arrow-right\"><\/use><\/svg>Thu Dec 31 2026                                    <\/span>\n                                                                    <\/div>\n                            <h5 class=\"card-title big-heading text-uppercase\"><a class=\"text-body text-decoration-none\" href=\"https:\/\/iictirana.esteri.it\/sq\/gli_eventi\/calendario\/ekspozita-paraja-tregon-100-vjet-jete-dhe-ngjarje-banka-e-shqiperise-1925-2025\/\" title=\"Ekspozita: Paraja rr\u00ebfen: 100 vjet Jet\u00eb dhe Ngjarje, Banka e Shqip\u00ebris\u00eb (1925\u20132025)\">Ekspozita: Paraja rr\u00ebfen: 100 vjet Jet\u00eb dhe Ngjarje, Banka e Shqip\u00ebris\u00eb (1925\u20132025)<\/a><\/h5>\n                            <p class=\"card-text\">Me rastin e 100-vjetorit t\u00eb themelimit t\u00eb Bank\u00ebs s\u00eb Shqip\u00ebris\u00eb dhe 100-vjetorit t\u00eb monedh\u00ebs komb\u00ebtare shqiptare, Banka e Shqip\u00ebris\u00eb, n\u00eb bashk\u00ebpunim me Institutin Italian t\u00eb Kultur\u00ebs n\u00eb Tiran\u00eb, p\u00ebruron ekspozit\u00ebn historike \u201cMoney Talks: 100 anni di vita ed eventi, Banca d\u2019Albania (1925\u20132025)\u201d. Ekspozita, e organizuar n\u00eb selin\u00eb historike nr. 2 t\u00eb Bank\u00ebs s\u00eb Shqip\u00ebris\u00eb (ish [&hellip;]<\/p>\n                                <a title=\"Ekspozita: Paraja rr\u00ebfen: 100 vjet Jet\u00eb dhe Ngjarje, Banka e Shqip\u00ebris\u00eb (1925\u20132025)\" class=\"read-more\" href=\"https:\/\/iictirana.esteri.it\/sq\/gli_eventi\/calendario\/ekspozita-paraja-tregon-100-vjet-jete-dhe-ngjarje-banka-e-shqiperise-1925-2025\/\">\n                                    <span class=\"text\">Lexo m\u00eb shum\u00eb<\/span>\n                                    <svg class=\"icon\">\n                                    <use xlink:href=\"https:\/\/iictirana.esteri.it\/wp-content\/themes\/sedi-tema\/assets\/svg\/sprites.svg#it-arrow-right\"><\/use>\n                                    <\/svg>\n                                <\/a>\n                                                        <\/div>\n                                                    <\/div>\n                    <\/div>\n                <\/div>\n                <!--end card-->\n                <\/div><!-- col-12 .mt-3-->\n                            <div class=\"col-12 mt-3\">\n                <!--start card-->\n                <div class=\"card-wrapper card-space\">\n                    <div class=\"card card-bg card-big border-bottom-card\">\n                        <div class=\"card-body row\">\n                                                    <div class=\"col-sm-3\">\n                                <div class=\"img-responsive\">\n                                    <figure class=\"img-wrapper\">\n                                        <a href=\"https:\/\/iictirana.esteri.it\/sq\/gli_eventi\/calendario\/ekspozita-nuk-e-di-nese-midis-malit-dhe-detit-ka-edhe-nje-lume-nga-camilla-cardia\/\" title=\"Lexo artikullin: Ekspozita: &#8220;Nuk e di n\u00ebse midis malit dhe detit ka edhe nj\u00eb lum\u00eb&#8221; nga Camilla Cardia\">\n                                                                                            <img loading=\"lazy\" decoding=\"async\" width=\"223\" height=\"300\" src=\"https:\/\/iictirana.esteri.it\/wp-content\/uploads\/2026\/08\/Mostra_GB-223x300.jpg\" srcset=\"https:\/\/iictirana.esteri.it\/wp-content\/uploads\/2026\/08\/Mostra_GB.jpg 278w, https:\/\/iictirana.esteri.it\/wp-content\/uploads\/2026\/08\/Mostra_GB-223x300.jpg 223w\" sizes=\"auto, (max-width: 278px) 100vw, 278px\"  title=\"Mostra_GB\" alt=\"\" class=\"img-fluid\">\n                                                                                    <\/a>\n                                    <\/figure>\n                                <\/div>\n                            <\/div>\n                            <div class=\"col-sm-9\">\n                                                            <div class=\"category-top\">\n                                    <span class=\"fw-bold text-success\">Aktivitete n\u00eb zhvillim<\/span>                                                                        <span class=\"data\">\n                                        <svg class=\"icon icon-secondary\">\n                                            <use xlink:href=\"https:\/\/iictirana.esteri.it\/wp-content\/themes\/sedi-tema\/assets\/svg\/sprites.svg#it-calendar\"><\/use>\n                                        <\/svg> Sat Aug 08 2026<svg class=\"icon icon-xs icon-secondary me-1 ms-1\"><use href=\"https:\/\/iictirana.esteri.it\/wp-content\/themes\/sedi-tema\/assets\/svg\/sprites.svg#it-arrow-right\"><\/use><\/svg>Wed Sep 02 2026                                    <\/span>\n                                                                    <\/div>\n                            <h5 class=\"card-title big-heading text-uppercase\"><a class=\"text-body text-decoration-none\" href=\"https:\/\/iictirana.esteri.it\/sq\/gli_eventi\/calendario\/ekspozita-nuk-e-di-nese-midis-malit-dhe-detit-ka-edhe-nje-lume-nga-camilla-cardia\/\" title=\"Ekspozita: &#8220;Nuk e di n\u00ebse midis malit dhe detit ka edhe nj\u00eb lum\u00eb&#8221; nga Camilla Cardia\">Ekspozita: &#8220;Nuk e di n\u00ebse midis malit dhe detit ka edhe nj\u00eb lum\u00eb&#8221; nga Camilla Cardia<\/a><\/h5>\n                            <p class=\"card-text\">Instituti Italian i Kultur\u00ebs ka k\u00ebnaq\u00ebsin\u00eb t\u00eb bashk\u00ebpunoj\u00eb me Galerin\u00eb e Bregdetit Radhim\u00eb (Vlor\u00eb) P\u00ebr ekspozit\u00ebn personale t\u00eb Camilla Cardia &#8220;Nuk e di n\u00ebse midis malit dhe detit ka edhe nj\u00eb lum\u00eb&#8221; 8 gusht \u2013 2 shtator 2026Galeria e Bregdetit, Vlor\u00eb, Shqip\u00ebri Drejtor: Elian StefaKuratore: Blerta HociaArtiste: Camilla Cardia Ekspozita Kushti i t\u00eb qenit \u201cmidis [&hellip;]<\/p>\n                                <a title=\"Ekspozita: &#8220;Nuk e di n\u00ebse midis malit dhe detit ka edhe nj\u00eb lum\u00eb&#8221; nga Camilla Cardia\" class=\"read-more\" href=\"https:\/\/iictirana.esteri.it\/sq\/gli_eventi\/calendario\/ekspozita-nuk-e-di-nese-midis-malit-dhe-detit-ka-edhe-nje-lume-nga-camilla-cardia\/\">\n                                    <span class=\"text\">Lexo m\u00eb shum\u00eb<\/span>\n                                    <svg class=\"icon\">\n                                    <use xlink:href=\"https:\/\/iictirana.esteri.it\/wp-content\/themes\/sedi-tema\/assets\/svg\/sprites.svg#it-arrow-right\"><\/use>\n                                    <\/svg>\n                                <\/a>\n                                                        <\/div>\n                                                    <\/div>\n                    <\/div>\n                <\/div>\n                <!--end card-->\n                <\/div><!-- col-12 .mt-3-->\n                            <div class=\"col-12 mt-3\">\n                <!--start card-->\n                <div class=\"card-wrapper card-space\">\n                    <div class=\"card card-bg card-big border-bottom-card\">\n                        <div class=\"card-body row\">\n                                                    <div class=\"col-sm-3\">\n                                <div class=\"img-responsive\">\n                                    <figure class=\"img-wrapper\">\n                                        <a href=\"https:\/\/iictirana.esteri.it\/sq\/gli_eventi\/calendario\/11386\/\" title=\"Lexo artikullin: Film di Stato nga Roland Sejko &#8211; Festivali Komb\u00ebtar i Filmit Shqiptar edicioni XIV\">\n                                                                                            <img loading=\"lazy\" decoding=\"async\" width=\"210\" height=\"300\" src=\"https:\/\/iictirana.esteri.it\/wp-content\/uploads\/2026\/08\/FilmDiStato-210x300.jpg\" srcset=\"https:\/\/iictirana.esteri.it\/wp-content\/uploads\/2026\/08\/FilmDiStato.jpg 1120w, https:\/\/iictirana.esteri.it\/wp-content\/uploads\/2026\/08\/FilmDiStato-210x300.jpg 210w, https:\/\/iictirana.esteri.it\/wp-content\/uploads\/2026\/08\/FilmDiStato-717x1024.jpg 717w, https:\/\/iictirana.esteri.it\/wp-content\/uploads\/2026\/08\/FilmDiStato-768x1097.jpg 768w\" sizes=\"auto, (max-width: 1120px) 100vw, 1120px\"  title=\"FilmDiStato\" alt=\"\" class=\"img-fluid\">\n                                                                                    <\/a>\n                                    <\/figure>\n                                <\/div>\n                            <\/div>\n                            <div class=\"col-sm-9\">\n                                                            <div class=\"category-top\">\n                                    <span class=\"fw-bold \"><\/span>                                                                        <span class=\"\">\n                                        <svg class=\"icon icon-secondary\">\n                                            <use xlink:href=\"https:\/\/iictirana.esteri.it\/wp-content\/themes\/sedi-tema\/assets\/svg\/sprites.svg#it-calendar\"><\/use>\n                                        <\/svg> Thu Sep 10 2026<svg class=\"icon icon-xs icon-secondary me-1 ms-1\"><use href=\"https:\/\/iictirana.esteri.it\/wp-content\/themes\/sedi-tema\/assets\/svg\/sprites.svg#it-arrow-right\"><\/use><\/svg>Thu Sep 10 2026                                    <\/span>\n                                                                    <\/div>\n                            <h5 class=\"card-title big-heading text-uppercase\"><a class=\"text-body text-decoration-none\" href=\"https:\/\/iictirana.esteri.it\/sq\/gli_eventi\/calendario\/11386\/\" title=\"Film di Stato nga Roland Sejko &#8211; Festivali Komb\u00ebtar i Filmit Shqiptar edicioni XIV\">Film di Stato nga Roland Sejko &#8211; Festivali Komb\u00ebtar i Filmit Shqiptar edicioni XIV<\/a><\/h5>\n                            <p class=\"card-text\">Instituti Italian i Kultur\u00ebs ka k\u00ebnaq\u00ebsin\u00eb t\u00eb jet\u00eb pjes\u00eb e Festivalit Komb\u00ebtar t\u00eb Filmit Shqiptar me nj\u00eb shfaqje speciale t\u00eb: Film di Stato nga Roland Sejko Dokumentar, &#8211; Itali, 2025, koh\u00ebzgjatja 78 minuta Q\u00eb nga fundi i Luft\u00ebs s\u00eb Dyt\u00eb Bot\u00ebrore dhe p\u00ebr m\u00eb shum\u00eb se dyzet vjet, historia e Shqip\u00ebris\u00eb ka qen\u00eb e nd\u00ebrthurur [&hellip;]<\/p>\n                                <a title=\"Film di Stato nga Roland Sejko &#8211; Festivali Komb\u00ebtar i Filmit Shqiptar edicioni XIV\" class=\"read-more\" href=\"https:\/\/iictirana.esteri.it\/sq\/gli_eventi\/calendario\/11386\/\">\n                                    <span class=\"text\">Lexo m\u00eb shum\u00eb<\/span>\n                                    <svg class=\"icon\">\n                                    <use xlink:href=\"https:\/\/iictirana.esteri.it\/wp-content\/themes\/sedi-tema\/assets\/svg\/sprites.svg#it-arrow-right\"><\/use>\n                                    <\/svg>\n                                <\/a>\n                                                        <\/div>\n                                                    <\/div>\n                    <\/div>\n                <\/div>\n                <!--end card-->\n                <\/div><!-- col-12 .mt-3-->\n                            <div class=\"col-12 mt-3\">\n                <!--start card-->\n                <div class=\"card-wrapper card-space\">\n                    <div class=\"card card-bg card-big border-bottom-card\">\n                        <div class=\"card-body row\">\n                                                    <div class=\"col-sm-3\">\n                                <div class=\"img-responsive\">\n                                    <figure class=\"img-wrapper\">\n                                        <a href=\"https:\/\/iictirana.esteri.it\/sq\/gli_eventi\/calendario\/prezantim-i-romanit-lo-stato-di-posa-nga-giulio-venneri\/\" title=\"Lexo artikullin: Prezantim i romanit \u201cLo stato di posa\u201d nga Giulio Venneri\">\n                                                                                            <img loading=\"lazy\" decoding=\"async\" width=\"240\" height=\"300\" src=\"https:\/\/iictirana.esteri.it\/wp-content\/uploads\/2026\/08\/Giulio-Venneri-240x300.jpg\" srcset=\"https:\/\/iictirana.esteri.it\/wp-content\/uploads\/2026\/08\/Giulio-Venneri.jpg 1920w, https:\/\/iictirana.esteri.it\/wp-content\/uploads\/2026\/08\/Giulio-Venneri-240x300.jpg 240w, https:\/\/iictirana.esteri.it\/wp-content\/uploads\/2026\/08\/Giulio-Venneri-819x1024.jpg 819w, https:\/\/iictirana.esteri.it\/wp-content\/uploads\/2026\/08\/Giulio-Venneri-768x960.jpg 768w\" sizes=\"auto, (max-width: 1920px) 100vw, 1920px\"  title=\"Giulio Venneri\" alt=\"\" class=\"img-fluid\">\n                                                                                    <\/a>\n                                    <\/figure>\n                                <\/div>\n                            <\/div>\n                            <div class=\"col-sm-9\">\n                                                            <div class=\"category-top\">\n                                    <span class=\"fw-bold \"><\/span>                                                                        <span class=\"\">\n                                        <svg class=\"icon icon-secondary\">\n                                            <use xlink:href=\"https:\/\/iictirana.esteri.it\/wp-content\/themes\/sedi-tema\/assets\/svg\/sprites.svg#it-calendar\"><\/use>\n                                        <\/svg> Fri Sep 11 2026<svg class=\"icon icon-xs icon-secondary me-1 ms-1\"><use href=\"https:\/\/iictirana.esteri.it\/wp-content\/themes\/sedi-tema\/assets\/svg\/sprites.svg#it-arrow-right\"><\/use><\/svg>Fri Sep 11 2026                                    <\/span>\n                                                                    <\/div>\n                            <h5 class=\"card-title big-heading text-uppercase\"><a class=\"text-body text-decoration-none\" href=\"https:\/\/iictirana.esteri.it\/sq\/gli_eventi\/calendario\/prezantim-i-romanit-lo-stato-di-posa-nga-giulio-venneri\/\" title=\"Prezantim i romanit \u201cLo stato di posa\u201d nga Giulio Venneri\">Prezantim i romanit \u201cLo stato di posa\u201d nga Giulio Venneri<\/a><\/h5>\n                            <p class=\"card-text\">Instituti Italian i Kultur\u00ebs ka k\u00ebnaq\u00ebsin\u00eb t\u00eb prezantoj\u00eb romanin \u201cLo stato di posa\u201d nga Giulio Venneri Libri do t\u00eb prezantohet nga autori n\u00eb bashk\u00ebbisedim me gazetarin dhe shkrimtarin Enkel Demi. 11 shtator 2026 ora 18:30 Biblioteka e Institutit Italian t\u00eb Kultur\u00ebs n\u00eb Tiran\u00eb Eventi do t\u00eb zhvillohet kryesisht n\u00eb gjuh\u00ebn italiane. \u201cLo stato di posa\u201d [&hellip;]<\/p>\n                                <a title=\"Prezantim i romanit \u201cLo stato di posa\u201d nga Giulio Venneri\" class=\"read-more\" href=\"https:\/\/iictirana.esteri.it\/sq\/gli_eventi\/calendario\/prezantim-i-romanit-lo-stato-di-posa-nga-giulio-venneri\/\">\n                                    <span class=\"text\">Lexo m\u00eb shum\u00eb<\/span>\n                                    <svg class=\"icon\">\n                                    <use xlink:href=\"https:\/\/iictirana.esteri.it\/wp-content\/themes\/sedi-tema\/assets\/svg\/sprites.svg#it-arrow-right\"><\/use>\n                                    <\/svg>\n                                <\/a>\n                                                        <\/div>\n                                                    <\/div>\n                    <\/div>\n                <\/div>\n                <!--end card-->\n                <\/div><!-- col-12 .mt-3-->\n                            <div class=\"col-12 mt-3\">\n                <!--start card-->\n                <div class=\"card-wrapper card-space\">\n                    <div class=\"card card-bg card-big border-bottom-card\">\n                        <div class=\"card-body row\">\n                                                    <div class=\"col-sm-3\">\n                                <div class=\"img-responsive\">\n                                    <figure class=\"img-wrapper\">\n                                        <a href=\"https:\/\/iictirana.esteri.it\/sq\/gli_eventi\/calendario\/i-dannati-nga-roberto-minervini-edicioni-xxi-edizione-ihrffa-14-19-shtator-2026\/\" title=\"Lexo artikullin: \u201cI Dannati\u201d nga Roberto Minervini \u2013 edicioni XXI edizione IHRFFA (14 &#8211; 19 Shtator 2026)\">\n                                                                                            <img loading=\"lazy\" decoding=\"async\" width=\"210\" height=\"300\" src=\"https:\/\/iictirana.esteri.it\/wp-content\/uploads\/2026\/08\/IDannati_filmIHRFFA-210x300.jpg\" srcset=\"https:\/\/iictirana.esteri.it\/wp-content\/uploads\/2026\/08\/IDannati_filmIHRFFA.jpg 420w, https:\/\/iictirana.esteri.it\/wp-content\/uploads\/2026\/08\/IDannati_filmIHRFFA-210x300.jpg 210w\" sizes=\"auto, (max-width: 420px) 100vw, 420px\"  title=\"IDannati_filmIHRFFA\" alt=\"\" class=\"img-fluid\">\n                                                                                    <\/a>\n                                    <\/figure>\n                                <\/div>\n                            <\/div>\n                            <div class=\"col-sm-9\">\n                                                            <div class=\"category-top\">\n                                    <span class=\"fw-bold \"><\/span>                                                                        <span class=\"\">\n                                        <svg class=\"icon icon-secondary\">\n                                            <use xlink:href=\"https:\/\/iictirana.esteri.it\/wp-content\/themes\/sedi-tema\/assets\/svg\/sprites.svg#it-calendar\"><\/use>\n                                        <\/svg> Wed Sep 16 2026<svg class=\"icon icon-xs icon-secondary me-1 ms-1\"><use href=\"https:\/\/iictirana.esteri.it\/wp-content\/themes\/sedi-tema\/assets\/svg\/sprites.svg#it-arrow-right\"><\/use><\/svg>Wed Sep 16 2026                                    <\/span>\n                                                                    <\/div>\n                            <h5 class=\"card-title big-heading text-uppercase\"><a class=\"text-body text-decoration-none\" href=\"https:\/\/iictirana.esteri.it\/sq\/gli_eventi\/calendario\/i-dannati-nga-roberto-minervini-edicioni-xxi-edizione-ihrffa-14-19-shtator-2026\/\" title=\"\u201cI Dannati\u201d nga Roberto Minervini \u2013 edicioni XXI edizione IHRFFA (14 &#8211; 19 Shtator 2026)\">\u201cI Dannati\u201d nga Roberto Minervini \u2013 edicioni XXI edizione IHRFFA (14 &#8211; 19 Shtator 2026)<\/a><\/h5>\n                            <p class=\"card-text\">Instituti Italian i Kultur\u00ebs ka k\u00ebnaq\u00ebsin\u00eb t\u00eb mb\u00ebshtes\u00eb edicionin e XXI t\u00eb IHRFFA &#8211; International Human Rights Film Festival-Albania (Festivali Nd\u00ebrkomb\u00ebtar i Filmit p\u00ebr t\u00eb Drejtat e Njeriut n\u00eb Shqip\u00ebri) me shfaqjen e filmit &#8220;T\u00eb Mallkuarit\u201d (I Dannati) nga Roberto Minervini. I dannati nga\u00a0Roberto Minervini Me: Ren\u00e9 W. Solomon, Noah Carlson, Jeremiah Knupp, Timothy Carlson, [&hellip;]<\/p>\n                                <a title=\"\u201cI Dannati\u201d nga Roberto Minervini \u2013 edicioni XXI edizione IHRFFA (14 &#8211; 19 Shtator 2026)\" class=\"read-more\" href=\"https:\/\/iictirana.esteri.it\/sq\/gli_eventi\/calendario\/i-dannati-nga-roberto-minervini-edicioni-xxi-edizione-ihrffa-14-19-shtator-2026\/\">\n                                    <span class=\"text\">Lexo m\u00eb shum\u00eb<\/span>\n                                    <svg class=\"icon\">\n                                    <use xlink:href=\"https:\/\/iictirana.esteri.it\/wp-content\/themes\/sedi-tema\/assets\/svg\/sprites.svg#it-arrow-right\"><\/use>\n                                    <\/svg>\n                                <\/a>\n                                                        <\/div>\n                                                    <\/div>\n                    <\/div>\n                <\/div>\n                <!--end card-->\n                <\/div><!-- col-12 .mt-3-->\n                            <div class=\"col-12 mt-3\">\n                <!--start card-->\n                <div class=\"card-wrapper card-space\">\n                    <div class=\"card card-bg card-big border-bottom-card\">\n                        <div class=\"card-body row\">\n                                                    <div class=\"col-sm-3\">\n                                <div class=\"img-responsive\">\n                                    <figure class=\"img-wrapper\">\n                                        <a href=\"https:\/\/iictirana.esteri.it\/sq\/gli_eventi\/calendario\/eleonora-strino-trio-mitrovica-jazz-days-2\/\" title=\"Lexo artikullin: ELEONORA STRINO TRIO &#8211; Mitrovica Jazz Days\">\n                                                                                            <img loading=\"lazy\" decoding=\"async\" width=\"240\" height=\"300\" src=\"https:\/\/iictirana.esteri.it\/wp-content\/uploads\/2026\/08\/EleonoraStrinoTRIO-240x300.jpg\" srcset=\"https:\/\/iictirana.esteri.it\/wp-content\/uploads\/2026\/08\/EleonoraStrinoTRIO.jpg 1080w, https:\/\/iictirana.esteri.it\/wp-content\/uploads\/2026\/08\/EleonoraStrinoTRIO-240x300.jpg 240w, https:\/\/iictirana.esteri.it\/wp-content\/uploads\/2026\/08\/EleonoraStrinoTRIO-819x1024.jpg 819w, https:\/\/iictirana.esteri.it\/wp-content\/uploads\/2026\/08\/EleonoraStrinoTRIO-768x960.jpg 768w\" sizes=\"auto, (max-width: 1080px) 100vw, 1080px\"  title=\"EleonoraStrinoTRIO\" alt=\"\" class=\"img-fluid\">\n                                                                                    <\/a>\n                                    <\/figure>\n                                <\/div>\n                            <\/div>\n                            <div class=\"col-sm-9\">\n                                                            <div class=\"category-top\">\n                                    <span class=\"fw-bold \"><\/span>                                                                        <span class=\"\">\n                                        <svg class=\"icon icon-secondary\">\n                                            <use xlink:href=\"https:\/\/iictirana.esteri.it\/wp-content\/themes\/sedi-tema\/assets\/svg\/sprites.svg#it-calendar\"><\/use>\n                                        <\/svg> Thu Sep 17 2026<svg class=\"icon icon-xs icon-secondary me-1 ms-1\"><use href=\"https:\/\/iictirana.esteri.it\/wp-content\/themes\/sedi-tema\/assets\/svg\/sprites.svg#it-arrow-right\"><\/use><\/svg>Thu Sep 17 2026                                    <\/span>\n                                                                    <\/div>\n                            <h5 class=\"card-title big-heading text-uppercase\"><a class=\"text-body text-decoration-none\" href=\"https:\/\/iictirana.esteri.it\/sq\/gli_eventi\/calendario\/eleonora-strino-trio-mitrovica-jazz-days-2\/\" title=\"ELEONORA STRINO TRIO &#8211; Mitrovica Jazz Days\">ELEONORA STRINO TRIO &#8211; Mitrovica Jazz Days<\/a><\/h5>\n                            <p class=\"card-text\">Instituti Italian i Kultur\u00ebs ka k\u00ebnaq\u00ebsin\u00eb t\u00eb mb\u00ebshtes\u00eb Mitrovica Jazz Days me nj\u00eb koncert nga Eleonora Strino TRIO. E njohur si nj\u00eb nga artistet e reja m\u00eb emocionuese t\u00eb sken\u00ebs nd\u00ebrkomb\u00ebtare t\u00eb xhazit, Eleonora Strino i sjell kitar\u00ebs nj\u00eb z\u00eb t\u00eb fresk\u00ebt dhe thell\u00ebsisht personal, t\u00eb rr\u00ebnjosur n\u00eb tradit\u00ebn e xhazit dhe t\u00eb frym\u00ebzuar nga [&hellip;]<\/p>\n                                <a title=\"ELEONORA STRINO TRIO &#8211; Mitrovica Jazz Days\" class=\"read-more\" href=\"https:\/\/iictirana.esteri.it\/sq\/gli_eventi\/calendario\/eleonora-strino-trio-mitrovica-jazz-days-2\/\">\n                                    <span class=\"text\">Lexo m\u00eb shum\u00eb<\/span>\n                                    <svg class=\"icon\">\n                                    <use xlink:href=\"https:\/\/iictirana.esteri.it\/wp-content\/themes\/sedi-tema\/assets\/svg\/sprites.svg#it-arrow-right\"><\/use>\n                                    <\/svg>\n                                <\/a>\n                                                        <\/div>\n                                                    <\/div>\n                    <\/div>\n                <\/div>\n                <!--end card-->\n                <\/div><!-- col-12 .mt-3-->\n                            <div class=\"col-12 mt-3\">\n                <!--start card-->\n                <div class=\"card-wrapper card-space\">\n                    <div class=\"card card-bg card-big border-bottom-card\">\n                        <div class=\"card-body row\">\n                                                    <div class=\"col-sm-3\">\n                                <div class=\"img-responsive\">\n                                    <figure class=\"img-wrapper\">\n                                        <a href=\"https:\/\/iictirana.esteri.it\/sq\/gli_eventi\/calendario\/ossessione-nga-luchino-visconti-tiff-tirana-international-film-festival\/\" title=\"Lexo artikullin: Ossessione nga Luchino Visconti \u2013 TIFF (Tirana International Film Festival)\">\n                                                                                            <img loading=\"lazy\" decoding=\"async\" width=\"216\" height=\"300\" src=\"https:\/\/iictirana.esteri.it\/wp-content\/uploads\/2026\/08\/film-Ossessione-di-Luchino-Visconti-216x300.jpg\" srcset=\"https:\/\/iictirana.esteri.it\/wp-content\/uploads\/2026\/08\/film-Ossessione-di-Luchino-Visconti.jpg 420w, https:\/\/iictirana.esteri.it\/wp-content\/uploads\/2026\/08\/film-Ossessione-di-Luchino-Visconti-216x300.jpg 216w\" sizes=\"auto, (max-width: 420px) 100vw, 420px\"  title=\"film Ossessione di Luchino Visconti\" alt=\"\" class=\"img-fluid\">\n                                                                                    <\/a>\n                                    <\/figure>\n                                <\/div>\n                            <\/div>\n                            <div class=\"col-sm-9\">\n                                                            <div class=\"category-top\">\n                                    <span class=\"fw-bold \"><\/span>                                                                        <span class=\"\">\n                                        <svg class=\"icon icon-secondary\">\n                                            <use xlink:href=\"https:\/\/iictirana.esteri.it\/wp-content\/themes\/sedi-tema\/assets\/svg\/sprites.svg#it-calendar\"><\/use>\n                                        <\/svg> Tue Sep 22 2026<svg class=\"icon icon-xs icon-secondary me-1 ms-1\"><use href=\"https:\/\/iictirana.esteri.it\/wp-content\/themes\/sedi-tema\/assets\/svg\/sprites.svg#it-arrow-right\"><\/use><\/svg>Tue Sep 22 2026                                    <\/span>\n                                                                    <\/div>\n                            <h5 class=\"card-title big-heading text-uppercase\"><a class=\"text-body text-decoration-none\" href=\"https:\/\/iictirana.esteri.it\/sq\/gli_eventi\/calendario\/ossessione-nga-luchino-visconti-tiff-tirana-international-film-festival\/\" title=\"Ossessione nga Luchino Visconti \u2013 TIFF (Tirana International Film Festival)\">Ossessione nga Luchino Visconti \u2013 TIFF (Tirana International Film Festival)<\/a><\/h5>\n                            <p class=\"card-text\">Instituti Italian i Kultur\u00ebs ka k\u00ebnaq\u00ebsin\u00eb t\u00eb prezantoj\u00eb Retrospektiv\u00ebn kushtuar Luchino Visconti-t n\u00eb kuad\u00ebr t\u00eb TIFF \u2013 Tirana International Film Festival (21-27 shtator). Filmi i par\u00eb n\u00eb program \u00ebsht\u00eb: Ossessione nga Luchino Visconti Me: Clara Calamai, Massimo Girotti, Juan De Landa, Elio Marcuzzo, Vittorio Duse, Dhia Cristiani Dram\u00eb \u2013 Itali, 1943, koh\u00ebzgjatja 135 minuta Xhino [&hellip;]<\/p>\n                                <a title=\"Ossessione nga Luchino Visconti \u2013 TIFF (Tirana International Film Festival)\" class=\"read-more\" href=\"https:\/\/iictirana.esteri.it\/sq\/gli_eventi\/calendario\/ossessione-nga-luchino-visconti-tiff-tirana-international-film-festival\/\">\n                                    <span class=\"text\">Lexo m\u00eb shum\u00eb<\/span>\n                                    <svg class=\"icon\">\n                                    <use xlink:href=\"https:\/\/iictirana.esteri.it\/wp-content\/themes\/sedi-tema\/assets\/svg\/sprites.svg#it-arrow-right\"><\/use>\n                                    <\/svg>\n                                <\/a>\n                                                        <\/div>\n                                                    <\/div>\n                    <\/div>\n                <\/div>\n                <!--end card-->\n                <\/div><!-- col-12 .mt-3-->\n            \n            <div class=\"col-md-12 mt-4 pb-4\">\n                <nav class=\"navigation col-md-12\" aria-label=\"Navigation\">\n                    <h2 class=\"screen-reader-text visually-hidden\">Faqerojtje<\/h2>\n                    <div class=\"nav-links\">\n                                        <\/div>\n                <\/nav>\n            <\/div>   <!--.col-md-12 -->\n              <\/div><!--.row -->\n              \n","protected":false},"excerpt":{"rendered":"","protected":false},"author":1,"featured_media":0,"parent":73,"menu_order":0,"comment_status":"closed","ping_status":"closed","template":"","meta":{"footnotes":""},"class_list":["post-75","page","type-page","status-publish","hentry"],"_links":{"self":[{"href":"https:\/\/iictirana.esteri.it\/sq\/wp-json\/wp\/v2\/pages\/75","targetHints":{"allow":["GET"]}}],"collection":[{"href":"https:\/\/iictirana.esteri.it\/sq\/wp-json\/wp\/v2\/pages"}],"about":[{"href":"https:\/\/iictirana.esteri.it\/sq\/wp-json\/wp\/v2\/types\/page"}],"author":[{"embeddable":true,"href":"https:\/\/iictirana.esteri.it\/sq\/wp-json\/wp\/v2\/users\/1"}],"replies":[{"embeddable":true,"href":"https:\/\/iictirana.esteri.it\/sq\/wp-json\/wp\/v2\/comments?post=75"}],"version-history":[{"count":3,"href":"https:\/\/iictirana.esteri.it\/sq\/wp-json\/wp\/v2\/pages\/75\/revisions"}],"predecessor-version":[{"id":5675,"href":"https:\/\/iictirana.esteri.it\/sq\/wp-json\/wp\/v2\/pages\/75\/revisions\/5675"}],"up":[{"embeddable":true,"href":"https:\/\/iictirana.esteri.it\/sq\/wp-json\/wp\/v2\/pages\/73"}],"wp:attachment":[{"href":"https:\/\/iictirana.esteri.it\/sq\/wp-json\/wp\/v2\/media?parent=75"}],"curies":[{"name":"wp","href":"https:\/\/api.w.org\/{rel}","templated":true}]}}