{"id":73,"date":"2023-04-03T20:31:30","date_gmt":"2023-04-03T18:31:30","guid":{"rendered":"https:\/\/iictirana.esteri.it\/eventi\/"},"modified":"2024-11-08T18:41:15","modified_gmt":"2024-11-08T16:41:15","slug":"gli_eventi","status":"publish","type":"page","link":"https:\/\/iictirana.esteri.it\/sq\/gli_eventi\/","title":{"rendered":"Aktivitete"},"content":{"rendered":"        <div class=\"row\">\n\t\t\t<!-- Ricerca sedi post -->\n\t\t\t<div class=\"col-12 mt-4\">\n\t\t\t  <div class=\"callout callout-highlight note ricerca-esteri p-4\">\n                    <div class=\"callout-title\">\n                        <svg class=\"icon\">\n                            <use xlink:href=\"https:\/\/iictirana.esteri.it\/wp-content\/themes\/sedi-tema\/assets\/svg\/sprites.svg#it-search\"><\/use>\n                        <\/svg>Futni parametrat e k\u00ebrkimit tuaj                    <\/div>\n                    <form id=\"searchFormPost\" name=\"form-search-post\" class=\"form-row align-items-center\" action=\"https:\/\/iictirana.esteri.it\/sq\/wp-json\/wp\/v2\/pages\/73\/\" method=\"GET\"> \n                        <!-- <div class=\"form-group pt-5\"> -->\n                            <!-- <input type=\"hidden\" id=\"lang\" name=\"lang\" value=\"\"> --> <!-- <\/div> -->\n\n                        <div class=\"it-datepicker-wrapper\">\n                            <div class=\"row\">\n                                <div class=\"form-group col-md-6\">\n                                    <label class=\"active\" for=\"date-init\">Nga<\/label>\n                                    <input class=\"form-control\" name=\"date-init\" id=\"date-init\" type=\"date\" placeholder=\"gg\/mm\/aaaa\" value=\"\"lang=\"en-EN\">  \n                                <\/div>\n                                <div class=\"form-group col-md-6\">\n                                    <label class=\"active\" for=\"date-end\">Tek<\/label>\n                                    <input class=\"form-control\" name=\"date-end\" id=\"date-end\" type=\"date\" placeholder=\"gg\/mm\/aaaa\" value=\"\">\n                                <\/div>\n                            <\/div>\n                        <\/div>\n                        <div class=\"form-group col-md-12 mt-3\">\n                            <label for=\"searchText\">Fusha e k\u00ebrkimit falas<\/label>\n                            <input type=\"text\" name=\"searchText\" class=\"form-control\" id=\"searchText\" value=\"\">\n                        <\/div>\n                        <div class=\"form-group col-md-4 offset-md-8 text-end\">\n                            <a href=\"https:\/\/iictirana.esteri.it\/sq\/gli_eventi\/\" title=\"Form reset\" id=\"resetImput\" class=\"btn btn-outline-primary btn-xs\">Reset<\/a>\n                            <button type=\"submit\" class=\"btn btn-primary btn-xs\">Shfaq rezultatet<\/button>\n                        <\/div>\n                    <\/form>\n\t\t\t\t<\/div>\n\t\t\t<\/div>\n\t\t<\/div>\n                    \n            <div class=\"row\">\n                            <div class=\"col-12 mt-3\">\n                <!--start card-->\n                <div class=\"card-wrapper card-space\">\n                    <div class=\"card card-bg card-big border-bottom-card\">\n                        <div class=\"card-body row\">\n                                                    <div class=\"col-sm-3\">\n                                <div class=\"img-responsive\">\n                                    <figure class=\"img-wrapper\">\n                                        <a href=\"https:\/\/iictirana.esteri.it\/sq\/gli_eventi\/calendario\/ekspozita-paraja-tregon-100-vjet-jete-dhe-ngjarje-banka-e-shqiperise-1925-2025\/\" title=\"Lexo artikullin: Ekspozita: Paraja rr\u00ebfen: 100 vjet Jet\u00eb dhe Ngjarje, Banka e Shqip\u00ebris\u00eb (1925\u20132025)\">\n                                                                                            <img loading=\"lazy\" decoding=\"async\" width=\"240\" height=\"300\" src=\"https:\/\/iictirana.esteri.it\/wp-content\/uploads\/2026\/01\/MoneyTalks_Mostra-240x300-1.jpg\" srcset=\"\" sizes=\"auto, (max-width: 240px) 100vw, 240px\"  title=\"MoneyTalks_Mostra-240&#215;300\" alt=\"\" class=\"img-fluid\">\n                                                                                    <\/a>\n                                    <\/figure>\n                                <\/div>\n                            <\/div>\n                            <div class=\"col-sm-9\">\n                                                            <div class=\"category-top\">\n                                    <span class=\"fw-bold text-success\">Aktivitete n\u00eb zhvillim<\/span>                                                                        <span class=\"data\">\n                                        <svg class=\"icon icon-secondary\">\n                                            <use xlink:href=\"https:\/\/iictirana.esteri.it\/wp-content\/themes\/sedi-tema\/assets\/svg\/sprites.svg#it-calendar\"><\/use>\n                                        <\/svg> Tue Jan 20 2026<svg class=\"icon icon-xs icon-secondary me-1 ms-1\"><use href=\"https:\/\/iictirana.esteri.it\/wp-content\/themes\/sedi-tema\/assets\/svg\/sprites.svg#it-arrow-right\"><\/use><\/svg>Mon Jul 20 2026                                    <\/span>\n                                                                    <\/div>\n                            <h5 class=\"card-title big-heading text-uppercase\"><a class=\"text-body text-decoration-none\" href=\"https:\/\/iictirana.esteri.it\/sq\/gli_eventi\/calendario\/ekspozita-paraja-tregon-100-vjet-jete-dhe-ngjarje-banka-e-shqiperise-1925-2025\/\" title=\"Ekspozita: Paraja rr\u00ebfen: 100 vjet Jet\u00eb dhe Ngjarje, Banka e Shqip\u00ebris\u00eb (1925\u20132025)\">Ekspozita: Paraja rr\u00ebfen: 100 vjet Jet\u00eb dhe Ngjarje, Banka e Shqip\u00ebris\u00eb (1925\u20132025)<\/a><\/h5>\n                            <p class=\"card-text\">Me rastin e 100-vjetorit t\u00eb themelimit t\u00eb Bank\u00ebs s\u00eb Shqip\u00ebris\u00eb dhe 100-vjetorit t\u00eb monedh\u00ebs komb\u00ebtare shqiptare, Banka e Shqip\u00ebris\u00eb, n\u00eb bashk\u00ebpunim me Institutin Italian t\u00eb Kultur\u00ebs n\u00eb Tiran\u00eb, p\u00ebruron ekspozit\u00ebn historike \u201cMoney Talks: 100 anni di vita ed eventi, Banca d\u2019Albania (1925\u20132025)\u201d. Ekspozita, e organizuar n\u00eb selin\u00eb historike nr. 2 t\u00eb Bank\u00ebs s\u00eb Shqip\u00ebris\u00eb (ish [&hellip;]<\/p>\n                                <a title=\"Ekspozita: Paraja rr\u00ebfen: 100 vjet Jet\u00eb dhe Ngjarje, Banka e Shqip\u00ebris\u00eb (1925\u20132025)\" class=\"read-more\" href=\"https:\/\/iictirana.esteri.it\/sq\/gli_eventi\/calendario\/ekspozita-paraja-tregon-100-vjet-jete-dhe-ngjarje-banka-e-shqiperise-1925-2025\/\">\n                                    <span class=\"text\">Lexo m\u00eb shum\u00eb<\/span>\n                                    <svg class=\"icon\">\n                                    <use xlink:href=\"https:\/\/iictirana.esteri.it\/wp-content\/themes\/sedi-tema\/assets\/svg\/sprites.svg#it-arrow-right\"><\/use>\n                                    <\/svg>\n                                <\/a>\n                                                        <\/div>\n                                                    <\/div>\n                    <\/div>\n                <\/div>\n                <!--end card-->\n                <\/div><!-- col-12 .mt-3-->\n                            <div class=\"col-12 mt-3\">\n                <!--start card-->\n                <div class=\"card-wrapper card-space\">\n                    <div class=\"card card-bg card-big border-bottom-card\">\n                        <div class=\"card-body row\">\n                                                    <div class=\"col-sm-3\">\n                                <div class=\"img-responsive\">\n                                    <figure class=\"img-wrapper\">\n                                        <a href=\"https:\/\/iictirana.esteri.it\/sq\/gli_eventi\/calendario\/duo-gazzana-ne-chopin-piano-fest-edicioni-i-16-te\/\" title=\"Lexo artikullin: DUO Gazzana n\u00eb Chopin Piano Fest \u2013 edicioni i 16-t\u00eb\">\n                                                                                            <img loading=\"lazy\" decoding=\"async\" width=\"240\" height=\"300\" src=\"https:\/\/iictirana.esteri.it\/wp-content\/uploads\/2026\/04\/DuoGazzana-240x300.jpg\" srcset=\"https:\/\/iictirana.esteri.it\/wp-content\/uploads\/2026\/04\/DuoGazzana.jpg 1080w, https:\/\/iictirana.esteri.it\/wp-content\/uploads\/2026\/04\/DuoGazzana-240x300.jpg 240w, https:\/\/iictirana.esteri.it\/wp-content\/uploads\/2026\/04\/DuoGazzana-819x1024.jpg 819w, https:\/\/iictirana.esteri.it\/wp-content\/uploads\/2026\/04\/DuoGazzana-768x960.jpg 768w\" sizes=\"auto, (max-width: 1080px) 100vw, 1080px\"  title=\"DuoGazzana\" alt=\"\" class=\"img-fluid\">\n                                                                                    <\/a>\n                                    <\/figure>\n                                <\/div>\n                            <\/div>\n                            <div class=\"col-sm-9\">\n                                                            <div class=\"category-top\">\n                                    <span class=\"fw-bold \"><\/span>                                                                        <span class=\"\">\n                                        <svg class=\"icon icon-secondary\">\n                                            <use xlink:href=\"https:\/\/iictirana.esteri.it\/wp-content\/themes\/sedi-tema\/assets\/svg\/sprites.svg#it-calendar\"><\/use>\n                                        <\/svg> Thu May 07 2026<svg class=\"icon icon-xs icon-secondary me-1 ms-1\"><use href=\"https:\/\/iictirana.esteri.it\/wp-content\/themes\/sedi-tema\/assets\/svg\/sprites.svg#it-arrow-right\"><\/use><\/svg>Thu May 07 2026                                    <\/span>\n                                                                    <\/div>\n                            <h5 class=\"card-title big-heading text-uppercase\"><a class=\"text-body text-decoration-none\" href=\"https:\/\/iictirana.esteri.it\/sq\/gli_eventi\/calendario\/duo-gazzana-ne-chopin-piano-fest-edicioni-i-16-te\/\" title=\"DUO Gazzana n\u00eb Chopin Piano Fest \u2013 edicioni i 16-t\u00eb\">DUO Gazzana n\u00eb Chopin Piano Fest \u2013 edicioni i 16-t\u00eb<\/a><\/h5>\n                            <p class=\"card-text\">Instituti Italian i Kultur\u00ebs, n\u00eb bashk\u00ebpunim me Ambasad\u00ebn Italiane n\u00eb Prishtin\u00eb, ka k\u00ebnaq\u00ebsin\u00eb t\u00eb rinovoj\u00eb mb\u00ebshtetjen e tij p\u00ebr Chopin Piano Fest me pjes\u00ebmarrjen e Duo Gazzana: Natascia Gazzana, violiniste dhe Raffaella Gazzana, pianiste. Koncerti do t\u00eb hap\u00eb edicionin e 16-t\u00eb t\u00eb Chopin Piano Fest dhe do t\u00eb kremtoj\u00eb Dit\u00ebn e Europ\u00ebs. Me muzik\u00eb nga [&hellip;]<\/p>\n                                <a title=\"DUO Gazzana n\u00eb Chopin Piano Fest \u2013 edicioni i 16-t\u00eb\" class=\"read-more\" href=\"https:\/\/iictirana.esteri.it\/sq\/gli_eventi\/calendario\/duo-gazzana-ne-chopin-piano-fest-edicioni-i-16-te\/\">\n                                    <span class=\"text\">Lexo m\u00eb shum\u00eb<\/span>\n                                    <svg class=\"icon\">\n                                    <use xlink:href=\"https:\/\/iictirana.esteri.it\/wp-content\/themes\/sedi-tema\/assets\/svg\/sprites.svg#it-arrow-right\"><\/use>\n                                    <\/svg>\n                                <\/a>\n                                                        <\/div>\n                                                    <\/div>\n                    <\/div>\n                <\/div>\n                <!--end card-->\n                <\/div><!-- col-12 .mt-3-->\n            \n            <div class=\"col-md-12 mt-4 pb-4\">\n                <nav class=\"navigation col-md-12\" aria-label=\"Navigation\">\n                    <h2 class=\"screen-reader-text visually-hidden\">Faqerojtje<\/h2>\n                    <div class=\"nav-links\">\n                                        <\/div>\n                <\/nav>\n            <\/div>   <!--.col-md-12 -->\n              <\/div><!--.row -->\n              \n","protected":false},"excerpt":{"rendered":"","protected":false},"author":1,"featured_media":0,"parent":0,"menu_order":6,"comment_status":"closed","ping_status":"closed","template":"","meta":{"footnotes":""},"class_list":["post-73","page","type-page","status-publish","hentry"],"_links":{"self":[{"href":"https:\/\/iictirana.esteri.it\/sq\/wp-json\/wp\/v2\/pages\/73","targetHints":{"allow":["GET"]}}],"collection":[{"href":"https:\/\/iictirana.esteri.it\/sq\/wp-json\/wp\/v2\/pages"}],"about":[{"href":"https:\/\/iictirana.esteri.it\/sq\/wp-json\/wp\/v2\/types\/page"}],"author":[{"embeddable":true,"href":"https:\/\/iictirana.esteri.it\/sq\/wp-json\/wp\/v2\/users\/1"}],"replies":[{"embeddable":true,"href":"https:\/\/iictirana.esteri.it\/sq\/wp-json\/wp\/v2\/comments?post=73"}],"version-history":[{"count":2,"href":"https:\/\/iictirana.esteri.it\/sq\/wp-json\/wp\/v2\/pages\/73\/revisions"}],"predecessor-version":[{"id":5672,"href":"https:\/\/iictirana.esteri.it\/sq\/wp-json\/wp\/v2\/pages\/73\/revisions\/5672"}],"wp:attachment":[{"href":"https:\/\/iictirana.esteri.it\/sq\/wp-json\/wp\/v2\/media?parent=73"}],"curies":[{"name":"wp","href":"https:\/\/api.w.org\/{rel}","templated":true}]}}