{"id":1804,"date":"2023-09-19T15:04:54","date_gmt":"2023-09-19T13:04:54","guid":{"rendered":"https:\/\/iictirana.esteri.it\/?page_id=1804"},"modified":"2026-04-16T10:45:47","modified_gmt":"2026-04-16T08:45:47","slug":"certifikimet-cils","status":"publish","type":"page","link":"https:\/\/iictirana.esteri.it\/sq\/lingua-e-cultura\/certificazioni\/certifikimet-cils\/","title":{"rendered":"\u00c7ertifikata CILS"},"content":{"rendered":"<p><strong>\u00c7far\u00eb \u00ebsht\u00eb CILS? <\/strong><\/p>\n<p>CILS (\u00c7ertifikimi i Gjuh\u00ebs Italiane si Gjuh\u00eb e Huaj) \u00ebsht\u00eb titull studimi i l\u00ebshuar nga Universit\u00e0 per Stranieri di Siena i cili v\u00ebrteton shkall\u00ebn e aft\u00ebsimit gjuh\u00ebsor-komunikativ n\u00eb italisht si Gjuh\u00eb e Dyt\u00eb.<\/p>\n<p><strong>P\u00ebr \u00e7far\u00eb sh\u00ebrben CILS?<\/strong><\/p>\n<p>CILS i sh\u00ebrben atij q\u00eb studion gjuh\u00ebn italiane, atij q\u00eb punon dhe studion n\u00eb kontakt me realitetin italian, atij q\u00eb do t\u00eb mas\u00eb aft\u00ebsin\u00eb e tij n\u00eb gjuh\u00ebn italiane, p\u00ebr regjistrimin n\u00eb Universitetet italiane si edhe atij t\u00eb cilit i k\u00ebrkohet nj\u00eb nivel i caktuar njohurish n\u00eb gjuh\u00ebn italiane, i v\u00ebrtetuar formalisht. Ministria e Universitetit dhe K\u00ebrkimit e njeh CILS-in si \u00e7ertifikim p\u00ebr pranimin e student\u00ebve t\u00eb huaj q\u00eb vijn\u00eb nga vende jo an\u00ebtare t\u00eb Bashkimit Europian n\u00eb Universitetet italiane: pasja e Nivelit CILS Due \u2013 B2 i p\u00ebrjashton student\u00ebt t\u00eb cil\u00ebt vijn\u00eb nga vende jo an\u00ebtare t\u00eb Bashkimit Europian nga provimi i gjuh\u00ebs italiane. Referuar zgjedhejve t\u00eb vet\u00eb universiteteve, CILS p\u00ebrb\u00ebn gjithsesi vler\u00ebsim n\u00eb shkall\u00ebn e provimeve t\u00eb pranimit n\u00eb secilin Universitet. Shum\u00eb sip\u00ebrmarrje apo firma italiane e t\u00eb huaja i vler\u00ebsojn\u00eb \u00e7ertifikatat CILS n\u00eb k\u00ebrkesat p\u00ebr pun\u00ebsim.<\/p>\n<p><strong>Si \u00ebsht\u00eb i nd\u00ebrtuar CILS?<\/strong><\/p>\n<p>Sistemi i \u00c7ertifikimit CILS p\u00ebrfshin gjasht\u00eb nivele t\u00eb aft\u00ebsimit gjuh\u00ebsor-komunikativ t\u00eb identifikuar n\u00eb Kuadrin e P\u00ebrbashk\u00ebt Europian t\u00eb Referimit (QCER) t\u00eb K\u00ebshillit t\u00eb Europ\u00ebs. \u00c7do nivel CILS \u00ebsht\u00eb i pavarur dhe i plot\u00eb, nivelet p\u00ebrcaktojn\u00eb nj\u00eb aft\u00ebsim gjuh\u00ebsor-komunikativ progresivisht m\u00eb t\u00eb lart\u00eb.<\/p>\n<p><strong>Cilat jan\u00eb provat CILS?<\/strong><\/p>\n<p>Provat e aft\u00ebsimit CILS jan\u00eb pes\u00eb:\u00a0<em>t\u00eb d\u00ebgjuarit, t\u00eb lexuarit, t\u00eb shkruarit, t\u00eb folurit <\/em>dhe<em>\u00a0analiza e strukturave t\u00eb komunikimit n\u00eb gjuh\u00ebn italiane.<\/em><\/p>\n<p>Shkalla e vler\u00ebsimit parashikon: p\u00ebr nivelet nga UNO\u2013B1 n\u00eb QUATTRO-C2, nj\u00eb vler\u00ebsim maksimal prej 100 pik\u00ebsh t\u00eb ndar\u00eb n\u00eb pes\u00eb pjes\u00eb prej 20 pik\u00ebsh secila (p\u00ebr \u00e7do aft\u00ebsim niveli mjaftuesh\u00ebm arrihet me marrjen e 11 pik\u00ebve).<\/p>\n<p>Nivelet A1 dhe A2 parashikojn\u00eb nj\u00eb vler\u00ebsim maksimal prej 60 pik\u00ebsh t\u00eb ndar\u00eb n\u00eb pes\u00eb pjes\u00eb prej 12 pik\u00ebsh secila p\u00ebr modulet (p\u00ebr \u00e7do aft\u00ebsim niveli mjaftuesh\u00ebm arrihet me 7 pik\u00eb).<\/p>\n<p><strong>Si merret \u00e7ertifikata p\u00ebrfundimtare?<\/strong><\/p>\n<p>P\u00ebr t\u00eb marr\u00eb \u00e7ertifikat\u00ebn \u00ebsht\u00eb e nevojshme arritja e nivelit mjaftuesh\u00ebm n\u00eb \u00e7do prov\u00eb. \u00c7ertifikata p\u00ebrfundimtare i d\u00ebrgohet nga Universit\u00e0 per Stranieri di Siene selis\u00eb s\u00eb autorizuar pran\u00eb s\u00eb cil\u00ebs \u00ebsht\u00eb dh\u00ebn\u00eb provimi.<\/p>\n<p>Kandidat\u00ebve t\u00eb cil\u00ebt nuk arrijn\u00eb nivelin mjaftuesh\u00ebm n\u00eb t\u00eb gjitha provat, por vet\u00ebm n\u00eb disa prej tyre, dhe q\u00eb, p\u00ebr pasoj\u00eb, nuk \u00e7ertifikohen, Universiteti u l\u00ebshon nj\u00eb v\u00ebrtetim\u00a0<em>t\u00eb pjessh\u00ebm mbi provat e kaluara.<\/em>\u00a0Nota e marr\u00eb n\u00eb provat e kaluara mbetet e vlefshme p\u00ebr 18 muaj nga nisja e provimit. Duhet d\u00ebrguar, gjithsesi, nj\u00eb k\u00ebrkes\u00eb e re p\u00ebr pjes\u00ebmarrje n\u00eb provim dhe t\u00eb kryet pagesa e taks\u00ebs s\u00eb regjistrimit vet\u00ebm p\u00ebr provat q\u00eb do t\u00eb p\u00ebrs\u00ebriten.<\/p>\n<p><strong>Sezonee e provimeve:<\/strong><\/p>\n<table style=\"height: 202px;\" width=\"877\">\n<tbody>\n<tr>\n<td width=\"101\">\n<p style=\"text-align: center;\"><strong><em>Certifikata<\/em><\/strong><\/p>\n<\/td>\n<td style=\"text-align: center;\" width=\"145\"><strong><em>Data e provimit<\/em><\/strong><\/td>\n<td style=\"text-align: center;\" width=\"217\"><strong><em>Afati i regjistrimit t\u00eb kandidat\u00ebve <\/em><\/strong><\/td>\n<\/tr>\n<tr>\n<td rowspan=\"3\" width=\"101\">\n<h3 style=\"text-align: center;\"><strong><em>\u00a0<\/em><\/strong><strong><em>CILS <\/em><\/strong><\/h3>\n<\/td>\n<td width=\"145\">\n<p style=\"text-align: center;\">14 prill 2026<\/p>\n<\/td>\n<td style=\"text-align: center;\" width=\"217\">16 shkurt \u2013 7 mars 2026<\/td>\n<\/tr>\n<tr>\n<td width=\"145\">\n<p style=\"text-align: center;\">16 qershor 2026<\/p>\n<\/td>\n<td width=\"217\">\n<p style=\"text-align: center;\">15 prill \u2013 30 prill 2026<\/p>\n<\/td>\n<\/tr>\n<tr>\n<td style=\"text-align: center;\" width=\"145\">3 dhjetor 2026<\/td>\n<td width=\"217\">\n<p style=\"text-align: center;\">1 tetor &#8211; 17 tetor 2026<\/p>\n<\/td>\n<\/tr>\n<\/tbody>\n<\/table>\n<p><strong>Sa kushton provimi CILS? <\/strong><\/p>\n<table style=\"height: 339px;\" width=\"887\">\n<tbody>\n<tr>\n<td width=\"217\">\n<p style=\"text-align: center;\"><strong>Nivele<\/strong><\/p>\n<\/td>\n<td style=\"text-align: center;\" width=\"85\"><strong>Shuma Totale<\/strong><\/td>\n<td style=\"text-align: center;\" width=\"327\"><strong>Shuma p\u00ebr \u00e7do prov\u00eb<\/strong><\/td>\n<\/tr>\n<tr>\n<td width=\"217\">\n<p style=\"text-align: center;\">A2<\/p>\n<\/td>\n<td width=\"85\">\n<p style=\"text-align: center;\">\u20ac 40<\/p>\n<\/td>\n<td width=\"327\"><\/td>\n<\/tr>\n<tr>\n<td style=\"text-align: center;\" width=\"217\">B1<\/td>\n<td style=\"text-align: center;\" width=\"85\">\u20ac 60<\/td>\n<td style=\"text-align: center;\" width=\"327\">Shuma p\u00ebr \u00e7do prov\u00eb p\u00ebr t\u2019u p\u00ebrs\u00ebritur \u20ac 16<\/td>\n<\/tr>\n<tr>\n<td width=\"217\">\n<p style=\"text-align: center;\">B2<\/p>\n<\/td>\n<td width=\"85\">\n<p style=\"text-align: center;\">\u20ac 60<\/p>\n<\/td>\n<td width=\"327\">\n<p style=\"text-align: center;\">Shuma p\u00ebr \u00e7do prov\u00eb p\u00ebr t\u2019u p\u00ebrs\u00ebritur \u20ac 16<\/p>\n<\/td>\n<\/tr>\n<tr>\n<td width=\"217\">\n<p style=\"text-align: center;\">C1<\/p>\n<\/td>\n<td width=\"85\">\n<p style=\"text-align: center;\">\u20ac 70<\/p>\n<\/td>\n<td width=\"327\">\n<p style=\"text-align: center;\">Shuma p\u00ebr \u00e7do prov\u00eb p\u00ebr t\u2019u p\u00ebrs\u00ebritur \u20ac 18<\/p>\n<\/td>\n<\/tr>\n<tr>\n<td style=\"text-align: center;\" width=\"217\">C2<\/td>\n<td style=\"text-align: center;\" width=\"85\">\u20ac 70<\/td>\n<td style=\"text-align: center;\" width=\"327\">Shuma p\u00ebr \u00e7do prov\u00eb p\u00ebr t\u2019u p\u00ebrs\u00ebritur \u20ac 18<\/td>\n<\/tr>\n<\/tbody>\n<\/table>\n<p><strong>Si mund t\u00eb regjistrohesh p\u00ebr provimin CILS pran\u00eb Institutit Italian t\u00eb Kultur\u00ebs n\u00eb Tiran\u00eb?<\/strong><\/p>\n<p><strong>\u00a0<\/strong>Dokumentacioni i nevojsh\u00ebm p\u00ebr regjistrimin n\u00eb provim duhet t\u00eb d\u00ebrgohet me e-mail n\u00eb adres\u00ebn: <strong><u>corsi.iictirana@esteri.it<\/u>\u00a0 <\/strong><\/p>\n<ol>\n<li>Moduli i regjistrimit CILS <a href=\"https:\/\/iictirana.esteri.it\/wp-content\/uploads\/2023\/09\/SCHEDA-ISCRIZIONE-CILS.docx\">shkarko<\/a><\/li>\n<li>Fotokopje e Let\u00ebrnjoftimit ose pasaport\u00ebs <u>s\u00eb vlefshme<\/u><\/li>\n<li>Kopje e mandatit t\u00eb pages\u00ebs s\u00eb kryer<\/li>\n<\/ol>\n<p>Pagesa duhet t\u00eb kryhet me derdhje n\u00eb bank\u00eb n\u00eb llogarin\u00eb rrjedh\u00ebse t\u00eb <strong>Institutit Italian t\u00eb Kultur\u00ebs<\/strong> n\u00eb Tiran\u00eb:<\/p>\n<table width=\"460\">\n<tbody>\n<tr>\n<td width=\"217\"><strong>Banka: <\/strong><\/td>\n<td width=\"242\"><strong>Intesa SanPaolo Bank Albania <\/strong><\/td>\n<\/tr>\n<tr>\n<td width=\"217\"><strong>Llogaria rrjedh\u00ebse n\u00eb Euro:\u00a0 <\/strong><\/td>\n<td width=\"242\"><strong>30861332801 <\/strong><\/td>\n<\/tr>\n<tr>\n<td width=\"217\"><strong>IBAN:\u00a0 <\/strong><\/td>\n<td width=\"242\"><strong>AL53208111010000030861332801 <\/strong><\/td>\n<\/tr>\n<\/tbody>\n<\/table>\n<ul>\n<li><strong>Justifikimi i pages\u00ebs duhet t\u00eb p\u00ebrmbaj\u00eb <em>Em\u00ebr Mbiem\u00ebr t\u00eb kandidatit<\/em>, <em>Nivelin e Provimit CILS \u00a0<\/em>si edhe <em>rrethin ku banon kandidati<\/em>.\u00a0 <\/strong><\/li>\n<li><u>Nuk pranohen pagesa n\u00eb dor\u00eb<\/u>.<\/li>\n<li><strong><u>Pagesa p\u00ebr provimin nuk mund t\u00eb kthehet.<\/u><\/strong><\/li>\n<\/ul>\n<p>&nbsp;<\/p>\n<p><strong>Konsultim dhe marrje informacioni:<\/strong><\/p>\n<p>P\u00ebr informacione t\u00eb m\u00ebtejshme mund t\u00eb konsultoni sitin <a href=\"https:\/\/iictirana.esteri.it\/it\/\">https:\/\/iictirana.esteri.it\/it\/<\/a><\/p>\n<p>P\u00ebr t\u00eb k\u00ebrkuar nj\u00eb takim, ju lutem d\u00ebrgoni nj\u00eb e-mail n\u00eb: corsi.iictirana@esteri.it<\/p>\n","protected":false},"excerpt":{"rendered":"\u00c7far\u00eb \u00ebsht\u00eb CILS? CILS (\u00c7ertifikimi i Gjuh\u00ebs Italiane si Gjuh\u00eb e Huaj) \u00ebsht\u00eb titull studimi i l\u00ebshuar nga Universit\u00e0 per Stranieri di Siena i cili v\u00ebrteton shkall\u00ebn e aft\u00ebsimit gjuh\u00ebsor-komunikativ n\u00eb italisht si Gjuh\u00eb e Dyt\u00eb. P\u00ebr \u00e7far\u00eb sh\u00ebrben CILS? CILS i sh\u00ebrben atij q\u00eb studion gjuh\u00ebn italiane, atij q\u00eb punon dhe studion n\u00eb kontakt [&hellip;]","protected":false},"author":4,"featured_media":0,"parent":87,"menu_order":0,"comment_status":"closed","ping_status":"closed","template":"","meta":{"footnotes":""},"class_list":["post-1804","page","type-page","status-publish","hentry"],"_links":{"self":[{"href":"https:\/\/iictirana.esteri.it\/sq\/wp-json\/wp\/v2\/pages\/1804","targetHints":{"allow":["GET"]}}],"collection":[{"href":"https:\/\/iictirana.esteri.it\/sq\/wp-json\/wp\/v2\/pages"}],"about":[{"href":"https:\/\/iictirana.esteri.it\/sq\/wp-json\/wp\/v2\/types\/page"}],"author":[{"embeddable":true,"href":"https:\/\/iictirana.esteri.it\/sq\/wp-json\/wp\/v2\/users\/4"}],"replies":[{"embeddable":true,"href":"https:\/\/iictirana.esteri.it\/sq\/wp-json\/wp\/v2\/comments?post=1804"}],"version-history":[{"count":6,"href":"https:\/\/iictirana.esteri.it\/sq\/wp-json\/wp\/v2\/pages\/1804\/revisions"}],"predecessor-version":[{"id":10648,"href":"https:\/\/iictirana.esteri.it\/sq\/wp-json\/wp\/v2\/pages\/1804\/revisions\/10648"}],"up":[{"embeddable":true,"href":"https:\/\/iictirana.esteri.it\/sq\/wp-json\/wp\/v2\/pages\/87"}],"wp:attachment":[{"href":"https:\/\/iictirana.esteri.it\/sq\/wp-json\/wp\/v2\/media?parent=1804"}],"curies":[{"name":"wp","href":"https:\/\/api.w.org\/{rel}","templated":true}]}}